{"id":33446,"date":"2021-12-31T09:50:14","date_gmt":"2021-12-31T08:50:14","guid":{"rendered":"https:\/\/www.raquelwellness.es\/centre-destetica-a-cubelles\/"},"modified":"2021-12-31T10:18:26","modified_gmt":"2021-12-31T09:18:26","slug":"centre-destetica-a-cubelles","status":"publish","type":"page","link":"https:\/\/www.raquelwellness.es\/ca\/centre-destetica-a-cubelles\/","title":{"rendered":"Centre d&#8217;est\u00e8tica a Cubelles"},"content":{"rendered":"<p>[et_pb_section fb_built=&#8221;1&#8243; _builder_version=&#8221;4.9.10&#8243; background_color=&#8221;#D7DFC7&#8243; background_image=&#8221;https:\/\/www.raquelwellness.es\/wp-content\/uploads\/2019\/10\/fondo_b2b-01.png&#8221; animation_style=&#8221;fade&#8221;][et_pb_row column_structure=&#8221;3_5,2_5&#8243; _builder_version=&#8221;4.9.10&#8243; background_enable_color=&#8221;off&#8221; custom_padding=&#8221;|10px||10px|false|true&#8221;][et_pb_column type=&#8221;3_5&#8243; _builder_version=&#8221;4.0.2&#8243;][et_pb_text _builder_version=&#8221;4.9.10&#8243;]<\/p>\n<h1>Nou Centre d&#8217;est\u00e8tica Avan\u00e7ada al casc hist\u00f2ric de Cubelles<\/h1>\n<p>[\/et_pb_text][et_pb_text _builder_version=&#8221;4.9.10&#8243; text_text_color=&#8221;#000000&#8243;]<\/p>\n<p><b>Raquel Romero Wellness, on bellesa i benestar van de la m\u00e0<\/b><\/p>\n<p><span style=\"font-weight: 400;\">Molt a prop de l&#8217;ajuntament de Cubelles i a pocs minuts de l&#8217;estaci\u00f3 de tren, en un rac\u00f3 tranquil del carrer de la Pau<\/span> <span style=\"font-weight: 400;\">trobar\u00e0s el nou centre d&#8217;est\u00e8tica avan\u00e7ada Wellness by Raquel Romero.<\/span><\/p>\n<p><span style=\"font-weight: 400;\">Un espai renovat, dissenyat perqu\u00e8 gaudiu de cada visita, perqu\u00e8 us trobeu a gust. Amb dues \u00e0mplies cabines independents: <a href=\"https:\/\/www.raquelwellness.es\/ca\/tractaments-facials\/\" title=\"Tractaments Facials\">una per a tractaments facials<\/a>  <\/span><span style=\"font-weight: 400;\">i una altra per a <a href=\"https:\/\/www.raquelwellness.es\/ca\/tractaments-massatges-corporals\/\" title=\"Tractaments Corporals\">tractaments corporals<\/a><\/span><span style=\"font-weight: 400;\">.<\/span><\/p>\n<p><span style=\"font-weight: 400;\">I amb una zona di\u00e0fana on farem formacions i diverses activitats en grups redu\u00efts.<\/span><\/p>\n<p>&nbsp;<\/p>\n<p>&nbsp;<\/p>\n<p>[\/et_pb_text][et_pb_button button_url=&#8221;#contacta&#8221; button_text=&#8221;Demana Cita&#8221; button_alignment=&#8221;right&#8221; _builder_version=&#8221;4.9.10&#8243; _module_preset=&#8221;default&#8221;][\/et_pb_button][\/et_pb_column][et_pb_column type=&#8221;2_5&#8243; _builder_version=&#8221;4.0.2&#8243;][et_pb_image src=&#8221;https:\/\/www.raquelwellness.es\/wp-content\/uploads\/2021\/08\/centro_sala_corporal2.jpg&#8221; title_text=&#8221;centro_sala_corporal2&#8243; align=&#8221;center&#8221; _builder_version=&#8221;4.9.10&#8243; border_radii=&#8221;on|10px|10px|10px|10px&#8221;][\/et_pb_image][\/et_pb_column][\/et_pb_row][et_pb_row column_structure=&#8221;1_3,2_3&#8243; _builder_version=&#8221;4.6.1&#8243; _module_preset=&#8221;default&#8221;][et_pb_column type=&#8221;1_3&#8243; _builder_version=&#8221;4.6.1&#8243; _module_preset=&#8221;default&#8221;][et_pb_image src=&#8221;https:\/\/www.raquelwellness.es\/wp-content\/uploads\/2021\/08\/centro_banera.jpg&#8221; title_text=&#8221;centro_ba\u00f1era&#8221; _builder_version=&#8221;4.9.10&#8243; _module_preset=&#8221;default&#8221;][\/et_pb_image][\/et_pb_column][et_pb_column type=&#8221;2_3&#8243; _builder_version=&#8221;4.6.1&#8243; _module_preset=&#8221;default&#8221;][et_pb_text _builder_version=&#8221;4.9.10&#8243; _module_preset=&#8221;default&#8221; locked=&#8221;off&#8221;]<\/p>\n<h2>Wellness&#8230; m\u00e9s que est\u00e8tica, benestar.<\/h2>\n<p>El concepte que desenvolupem al nostre centre va m\u00e9s enll\u00e0 de l&#8217;est\u00e8tica: Wellness fa refer\u00e8ncia a un equilibri saludable entre ment, cos i emocions que propicia un estat de benestar integral.<\/p>\n<p>Per aix\u00f2, a m\u00e9s de fer <a href=\"https:\/\/www.raquelwellness.es\/ca\/depilacio-laser-cera-cubelles\/\" title=\"Depilaci\u00f3 a Cubelles\">depilacions (l\u00e0ser o a la cera)<\/a>, higienes facials i molts altres tractaments d&#8217;est\u00e8tica, us oferim una altra s\u00e8rie de tractaments que us proporcionaran un benestar m\u00e9s profund. A m\u00e9s d&#8217;ocupar-nos del teu aspecte extern, apliquem tecnologies de ter\u00e0pia cel\u00b7lular i t\u00e8cniques de quiromassatge per cuidar-te per dins&#8230; i que es noti tamb\u00e9 per fora.<\/p>\n<p>Si voleu experimentar el plaer d&#8217;una relaxaci\u00f3 duradora, que potenciar\u00e0 la vostra bellesa i benestar, pregunta pels nostres rituals i els nostres tractaments ayurv\u00e8dics.<\/p>\n<p><span><\/span><\/p>\n<p>[\/et_pb_text][et_pb_button button_url=&#8221;#contacta&#8221; button_text=&#8221;Demana Cita&#8221; button_alignment=&#8221;right&#8221; _builder_version=&#8221;4.9.10&#8243; _module_preset=&#8221;default&#8221;][\/et_pb_button][\/et_pb_column][\/et_pb_row][\/et_pb_section][et_pb_section fb_built=&#8221;1&#8243; _builder_version=&#8221;4.9.10&#8243; _module_preset=&#8221;default&#8221; background_color=&#8221;#000000&#8243; custom_margin=&#8221;0px||0px||true|false&#8221; custom_padding=&#8221;1em||1em||true|false&#8221;][et_pb_row column_structure=&#8221;1_4,1_4,1_4,1_4&#8243; use_custom_gutter=&#8221;on&#8221; gutter_width=&#8221;2&#8243; _builder_version=&#8221;4.9.10&#8243; _module_preset=&#8221;default&#8221; custom_margin=&#8221;0px||0px||true|false&#8221; custom_padding=&#8221;0px||0px||true|false&#8221;][et_pb_column type=&#8221;1_4&#8243; _builder_version=&#8221;4.9.10&#8243; _module_preset=&#8221;default&#8221;][et_pb_image src=&#8221;https:\/\/www.raquelwellness.es\/wp-content\/uploads\/2021\/08\/centro_recepcion.jpg&#8221; title_text=&#8221;centro_recepcion&#8221; _builder_version=&#8221;4.9.10&#8243; _module_preset=&#8221;default&#8221;][\/et_pb_image][\/et_pb_column][et_pb_column type=&#8221;1_4&#8243; _builder_version=&#8221;4.9.10&#8243; _module_preset=&#8221;default&#8221;][et_pb_image src=&#8221;https:\/\/www.raquelwellness.es\/wp-content\/uploads\/2021\/08\/centro_sala_corporal.jpg&#8221; title_text=&#8221;centro_sala_corporal&#8221; _builder_version=&#8221;4.9.10&#8243; _module_preset=&#8221;default&#8221; hover_enabled=&#8221;0&#8243; sticky_enabled=&#8221;0&#8243;][\/et_pb_image][\/et_pb_column][et_pb_column type=&#8221;1_4&#8243; _builder_version=&#8221;4.9.10&#8243; _module_preset=&#8221;default&#8221;][et_pb_image src=&#8221;https:\/\/www.raquelwellness.es\/wp-content\/uploads\/2021\/08\/centro_entrada2.jpg&#8221; title_text=&#8221;centro_entrada2&#8243; _builder_version=&#8221;4.9.10&#8243; _module_preset=&#8221;default&#8221;][\/et_pb_image][\/et_pb_column][et_pb_column type=&#8221;1_4&#8243; _builder_version=&#8221;4.9.10&#8243; _module_preset=&#8221;default&#8221;][et_pb_image src=&#8221;https:\/\/www.raquelwellness.es\/wp-content\/uploads\/2021\/08\/centro_sala_facial.jpg&#8221; title_text=&#8221;centro_sala_facial&#8221; _builder_version=&#8221;4.9.10&#8243; _module_preset=&#8221;default&#8221;][\/et_pb_image][\/et_pb_column][\/et_pb_row][\/et_pb_section][et_pb_section fb_built=&#8221;1&#8243; _builder_version=&#8221;4.9.10&#8243; _module_preset=&#8221;default&#8221; background_image=&#8221;https:\/\/www.raquelwellness.es\/wp-content\/uploads\/2019\/10\/fondo_b2b-01.png&#8221;][et_pb_row column_structure=&#8221;1_3,2_3&#8243; _builder_version=&#8221;4.6.1&#8243; _module_preset=&#8221;default&#8221;][et_pb_column type=&#8221;1_3&#8243; _builder_version=&#8221;4.6.1&#8243; _module_preset=&#8221;default&#8221;][et_pb_image src=&#8221;https:\/\/www.raquelwellness.es\/wp-content\/uploads\/2021\/08\/centro_entrada.jpg&#8221; title_text=&#8221;centro_entrada&#8221; _builder_version=&#8221;4.9.10&#8243; _module_preset=&#8221;default&#8221; locked=&#8221;off&#8221;][\/et_pb_image][\/et_pb_column][et_pb_column type=&#8221;2_3&#8243; _builder_version=&#8221;4.6.1&#8243; _module_preset=&#8221;default&#8221;][et_pb_text _builder_version=&#8221;4.9.10&#8243; _module_preset=&#8221;default&#8221;]<\/p>\n<h3>Tractaments d&#8217;est\u00e8tica amb radiofreq\u00fc\u00e8ncia INDIBA a Cubelles<\/h3>\n<p>INDIBA Deep Beauty \u00e9s el tractament de ter\u00e0pia cel\u00b7lular basat en radiofreq\u00fc\u00e8ncia de m\u00e9s prestigi a escala mundial.<\/p>\n<p>Els seus efectes s\u00f3n molt beneficiosos, \u00e9s totalment innocu, no invasiu i indolor. Al contrari, les sessions s\u00f3n realment plaents. I els resultats dels <a href=\"https:\/\/www.raquelwellness.es\/ca\/indiba-radiofrequencia-cubelles\/\" title=\"Tractaments INDIBA\">tractaments INDIBA<\/a>, tant facials com coporals, s\u00f3n evidents des de la primera sessi\u00f3.   Ara el pots gaudir a Cubelles.<\/p>\n<p>[\/et_pb_text][et_pb_button button_url=&#8221;#contacta&#8221; button_text=&#8221;Demana Cita&#8221; button_alignment=&#8221;right&#8221; _builder_version=&#8221;4.9.10&#8243; _module_preset=&#8221;default&#8221;][\/et_pb_button][\/et_pb_column][\/et_pb_row][\/et_pb_section][et_pb_section fb_built=&#8221;1&#8243; _builder_version=&#8221;4.9.10&#8243; _module_preset=&#8221;default&#8221;][et_pb_row column_structure=&#8221;1_3,2_3&#8243; _builder_version=&#8221;4.6.1&#8243; _module_preset=&#8221;default&#8221;][et_pb_column type=&#8221;1_3&#8243; _builder_version=&#8221;4.6.1&#8243; _module_preset=&#8221;default&#8221;][et_pb_image src=&#8221;https:\/\/www.raquelwellness.es\/wp-content\/uploads\/2020\/10\/gernetic_foto.png&#8221; title_text=&#8221;gernetic_foto&#8221; _builder_version=&#8221;4.9.10&#8243; _module_preset=&#8221;default&#8221; locked=&#8221;off&#8221;][\/et_pb_image][\/et_pb_column][et_pb_column type=&#8221;2_3&#8243; _builder_version=&#8221;4.6.1&#8243; _module_preset=&#8221;default&#8221;][et_pb_text _builder_version=&#8221;4.9.10&#8243; _module_preset=&#8221;default&#8221; locked=&#8221;off&#8221;]<\/p>\n<h3>Productes de cosm\u00e8tica de primera qualitat<\/h3>\n<p>Les nostres marques de productes de refer\u00e8ncia per a tots els tractaments que realitzem a cabina s\u00f3n GERn\u00e9tic i Massada.<\/p>\n<p>Elaborats amb els ingredients actius m\u00e9s efectius, naturals i valuosos al camp de la salut i la bellesa, els productes de Massada i GERn\u00e9tic International ofereixen resultats \u00fanics.<\/p>\n<p>L&#8217;\u00e0mplia experi\u00e8ncia d&#8217;aquests laboratoris es tradueix en una \u00e0mplia gamma de productes, dissenyats de manera espec\u00edfica per tractar els diferents tipus de pell: reparaci\u00f3 cut\u00e0nia, envelliment cutani, irritaci\u00f3 cut\u00e0nia, pigmentaci\u00f3, aprimament i benestar.<\/p>\n<p>Pots consultar la gamma de productes Massada i GERn\u00e9tic que comercialitzem a la nostra <a href=\"https:\/\/www.raquelwellness.es\/tienda\/\" title=\"Botiga On line\">botiga on line<\/a>.<\/p>\n<p>[\/et_pb_text][et_pb_image src=&#8221;https:\/\/www.raquelwellness.es\/wp-content\/uploads\/2021\/08\/logo_massada.png&#8221; title_text=&#8221;logo_massada&#8221; align=&#8221;right&#8221; _builder_version=&#8221;4.9.10&#8243; _module_preset=&#8221;default&#8221;][\/et_pb_image][et_pb_button button_url=&#8221;@ET-DC@eyJkeW5hbWljIjp0cnVlLCJjb250ZW50IjoicG9zdF9saW5rX3VybF9wYWdlIiwic2V0dGluZ3MiOnsicG9zdF9pZCI6IjI5MjMyIn19@&#8221; button_text=&#8221;Comprar Cosm\u00e8tics&#8221; button_alignment=&#8221;center&#8221; _builder_version=&#8221;4.9.10&#8243; _dynamic_attributes=&#8221;button_url&#8221; _module_preset=&#8221;default&#8221;][\/et_pb_button][\/et_pb_column][\/et_pb_row][et_pb_row _builder_version=&#8221;4.9.10&#8243; _module_preset=&#8221;default&#8221;][et_pb_column type=&#8221;4_4&#8243; _builder_version=&#8221;4.9.10&#8243; _module_preset=&#8221;default&#8221;][et_pb_text _builder_version=&#8221;4.9.10&#8243; _module_preset=&#8221;default&#8221; text_orientation=&#8221;center&#8221;]<\/p>\n<h4>Visita el nostre nou centre d\u00b4est\u00e8tica a Cubelles\u2026 I viu l\u00b4experi\u00e8ncia Wellness<\/h4>\n<p> [\/et_pb_text][\/et_pb_column][\/et_pb_row][\/et_pb_section][et_pb_section fb_built=&#8221;1&#8243; module_id=&#8221;contacta&#8221; _builder_version=&#8221;4.9.10&#8243; _module_preset=&#8221;default&#8221;][et_pb_row column_structure=&#8221;3_5,2_5&#8243; _builder_version=&#8221;4.0.2&#8243;][et_pb_column type=&#8221;3_5&#8243; _builder_version=&#8221;4.0.2&#8243;][et_pb_text _builder_version=&#8221;4.0.2&#8243;]<\/p>\n<h2><strong>DEIXA&#8217;NS UN MISSATGE<\/strong><\/h2>\n<p>[\/et_pb_text][et_pb_contact_form admin_label=&#8221;Formulario de contacto&#8221; _builder_version=&#8221;4.9.10&#8243; custom_button=&#8221;on&#8221; button_text_color=&#8221;#000000&#8243; button_border_color=&#8221;#000000&#8243; hover_enabled=&#8221;0&#8243; button_text_size_tablet=&#8221;&#8221; button_text_size_phone=&#8221;15px&#8221; button_text_size_last_edited=&#8221;on|phone&#8221; sticky_enabled=&#8221;0&#8243;][et_pb_contact_field field_id=&#8221;Name&#8221; field_title=&#8221;Nom&#8221; fullwidth_field=&#8221;on&#8221; _builder_version=&#8221;3.29.3&#8243; button_text_size__hover_enabled=&#8221;off&#8221; button_one_text_size__hover_enabled=&#8221;off&#8221; button_two_text_size__hover_enabled=&#8221;off&#8221; button_text_color__hover_enabled=&#8221;off&#8221; button_one_text_color__hover_enabled=&#8221;off&#8221; button_two_text_color__hover_enabled=&#8221;off&#8221; button_border_width__hover_enabled=&#8221;off&#8221; button_one_border_width__hover_enabled=&#8221;off&#8221; button_two_border_width__hover_enabled=&#8221;off&#8221; button_border_color__hover_enabled=&#8221;off&#8221; button_one_border_color__hover_enabled=&#8221;off&#8221; button_two_border_color__hover_enabled=&#8221;off&#8221; button_border_radius__hover_enabled=&#8221;off&#8221; button_one_border_radius__hover_enabled=&#8221;off&#8221; button_two_border_radius__hover_enabled=&#8221;off&#8221; button_letter_spacing__hover_enabled=&#8221;off&#8221; button_one_letter_spacing__hover_enabled=&#8221;off&#8221; button_two_letter_spacing__hover_enabled=&#8221;off&#8221; button_bg_color__hover_enabled=&#8221;off&#8221; button_one_bg_color__hover_enabled=&#8221;off&#8221; button_two_bg_color__hover_enabled=&#8221;off&#8221;][\/et_pb_contact_field][et_pb_contact_field field_id=&#8221;Email&#8221; field_title=&#8221;Adre\u00e7a Electr\u00f2nica&#8221; field_type=&#8221;email&#8221; _builder_version=&#8221;3.16&#8243; button_text_size__hover_enabled=&#8221;off&#8221; button_one_text_size__hover_enabled=&#8221;off&#8221; button_two_text_size__hover_enabled=&#8221;off&#8221; button_text_color__hover_enabled=&#8221;off&#8221; button_one_text_color__hover_enabled=&#8221;off&#8221; button_two_text_color__hover_enabled=&#8221;off&#8221; button_border_width__hover_enabled=&#8221;off&#8221; button_one_border_width__hover_enabled=&#8221;off&#8221; button_two_border_width__hover_enabled=&#8221;off&#8221; button_border_color__hover_enabled=&#8221;off&#8221; button_one_border_color__hover_enabled=&#8221;off&#8221; button_two_border_color__hover_enabled=&#8221;off&#8221; button_border_radius__hover_enabled=&#8221;off&#8221; button_one_border_radius__hover_enabled=&#8221;off&#8221; button_two_border_radius__hover_enabled=&#8221;off&#8221; button_letter_spacing__hover_enabled=&#8221;off&#8221; button_one_letter_spacing__hover_enabled=&#8221;off&#8221; button_two_letter_spacing__hover_enabled=&#8221;off&#8221; button_bg_color__hover_enabled=&#8221;off&#8221; button_one_bg_color__hover_enabled=&#8221;off&#8221; button_two_bg_color__hover_enabled=&#8221;off&#8221;][\/et_pb_contact_field][et_pb_contact_field field_id=&#8221;Telefono&#8221; field_title=&#8221;Tel\u00e8fon&#8221; _builder_version=&#8221;3.29.3&#8243;][\/et_pb_contact_field][et_pb_contact_field field_id=&#8221;Message&#8221; field_title=&#8221;Missatge&#8221; field_type=&#8221;text&#8221; fullwidth_field=&#8221;on&#8221; _builder_version=&#8221;3.16&#8243; button_text_size__hover_enabled=&#8221;off&#8221; button_one_text_size__hover_enabled=&#8221;off&#8221; button_two_text_size__hover_enabled=&#8221;off&#8221; button_text_color__hover_enabled=&#8221;off&#8221; button_one_text_color__hover_enabled=&#8221;off&#8221; button_two_text_color__hover_enabled=&#8221;off&#8221; button_border_width__hover_enabled=&#8221;off&#8221; button_one_border_width__hover_enabled=&#8221;off&#8221; button_two_border_width__hover_enabled=&#8221;off&#8221; button_border_color__hover_enabled=&#8221;off&#8221; button_one_border_color__hover_enabled=&#8221;off&#8221; button_two_border_color__hover_enabled=&#8221;off&#8221; button_border_radius__hover_enabled=&#8221;off&#8221; button_one_border_radius__hover_enabled=&#8221;off&#8221; button_two_border_radius__hover_enabled=&#8221;off&#8221; button_letter_spacing__hover_enabled=&#8221;off&#8221; button_one_letter_spacing__hover_enabled=&#8221;off&#8221; button_two_letter_spacing__hover_enabled=&#8221;off&#8221; button_bg_color__hover_enabled=&#8221;off&#8221; button_one_bg_color__hover_enabled=&#8221;off&#8221; button_two_bg_color__hover_enabled=&#8221;off&#8221;][\/et_pb_contact_field][\/et_pb_contact_form][\/et_pb_column][et_pb_column type=&#8221;2_5&#8243; _builder_version=&#8221;4.0.2&#8243;][et_pb_text _builder_version=&#8221;4.0.2&#8243;]<\/p>\n<h2 style=\"text-align: right;\"><b>ALTRES FORMES DE CONTACTE<\/b><\/h2>\n<p>[\/et_pb_text][et_pb_text _builder_version=&#8221;4.0.11&#8243; text_orientation=&#8221;right&#8221;]<\/p>\n<h3><span class=\"fas fa-phone\"><\/span>&nbsp;TEL\u00c8FON<\/h3>\n<p><a href=\"tel:+34658858508\">+34 658 858 508<\/a><\/p>\n<h3><span class=\"fab fa-whatsapp\"><\/span>&nbsp;WHATSAPP<\/h3>\n<p><a href=\"https:\/\/api.whatsapp.com\/send?phone=34658858508\" target=\"_blank\" rel=\"noopener noreferrer\">+34 658 858 508<\/a><\/p>\n<h3><span class=\"fas fa-envelope\"><\/span>&nbsp;EMAIL<\/h3>\n<p><a href=\"mailto:hola@raquelwellness.es\">hola@raquelwellness.es<\/a><\/p>\n<h3><span class=\"fab fa-facebook\"><\/span>&nbsp;FACEBOOK<\/h3>\n<p><a href=\"https:\/\/www.facebook.com\/raquelwellness.es\" target=\"_blank\" rel=\"noopener noreferrer\">@raquelwellness.es<\/a><\/p>\n<h3><span class=\"fab fa-instagram\"><\/span>&nbsp;INSTAGRAM<\/h3>\n<p><a href=\"https:\/\/www.instagram.com\/raquelwellness.es\" target=\"_blank\" rel=\"noopener noreferrer\">@raquelwellness.es<\/a><\/p>\n<h3><span class=\"fab fa-google\"><\/span>&nbsp;GOOGLE<\/h3>\n<p><a href=\"https:\/\/g.page\/raquelwellness\/review?mp\" target=\"_blank\" rel=\"noopener noreferrer\">Wellness by Raquel Romero<\/a><\/p>\n<p>[\/et_pb_text][\/et_pb_column][\/et_pb_row][et_pb_row module_id=&#8221;contactoHome&#8221; _builder_version=&#8221;4.0.1&#8243; custom_padding=&#8221;37px|||||&#8221;][et_pb_column type=&#8221;4_4&#8243; _builder_version=&#8221;3.29.3&#8243;][et_pb_image src=&#8221;https:\/\/www.raquelwellness.es\/wp-content\/uploads\/2019\/10\/logo_generico-01.png&#8221; align=&#8221;center&#8221; _builder_version=&#8221;4.0.2&#8243; max_height=&#8221;100px&#8221;][\/et_pb_image][\/et_pb_column][\/et_pb_row][\/et_pb_section]<\/p>\n","protected":false},"excerpt":{"rendered":"<p>Nou Centre d&#8217;est\u00e8tica Avan\u00e7ada al casc hist\u00f2ric de CubellesRaquel Romero Wellness, on bellesa i benestar van de la m\u00e0 Molt a prop de l&#8217;ajuntament de Cubelles i a pocs minuts de l&#8217;estaci\u00f3 de tren, en un rac\u00f3 tranquil del carrer de la Pau trobar\u00e0s el nou centre d&#8217;est\u00e8tica avan\u00e7ada Wellness by Raquel Romero. Un espai [&hellip;]<\/p>\n","protected":false},"author":1,"featured_media":0,"parent":0,"menu_order":0,"comment_status":"closed","ping_status":"closed","template":"","meta":{"_et_pb_use_builder":"on","_et_pb_old_content":"","_et_gb_content_width":"","footnotes":""},"class_list":["post-33446","page","type-page","status-publish","hentry"],"_links":{"self":[{"href":"https:\/\/www.raquelwellness.es\/ca\/wp-json\/wp\/v2\/pages\/33446","targetHints":{"allow":["GET"]}}],"collection":[{"href":"https:\/\/www.raquelwellness.es\/ca\/wp-json\/wp\/v2\/pages"}],"about":[{"href":"https:\/\/www.raquelwellness.es\/ca\/wp-json\/wp\/v2\/types\/page"}],"author":[{"embeddable":true,"href":"https:\/\/www.raquelwellness.es\/ca\/wp-json\/wp\/v2\/users\/1"}],"replies":[{"embeddable":true,"href":"https:\/\/www.raquelwellness.es\/ca\/wp-json\/wp\/v2\/comments?post=33446"}],"version-history":[{"count":23,"href":"https:\/\/www.raquelwellness.es\/ca\/wp-json\/wp\/v2\/pages\/33446\/revisions"}],"predecessor-version":[{"id":33472,"href":"https:\/\/www.raquelwellness.es\/ca\/wp-json\/wp\/v2\/pages\/33446\/revisions\/33472"}],"wp:attachment":[{"href":"https:\/\/www.raquelwellness.es\/ca\/wp-json\/wp\/v2\/media?parent=33446"}],"curies":[{"name":"wp","href":"https:\/\/api.w.org\/{rel}","templated":true}]}}