{"id":33522,"date":"2021-12-31T20:02:46","date_gmt":"2021-12-31T19:02:46","guid":{"rendered":"https:\/\/www.raquelwellness.es\/tractaments-facials\/"},"modified":"2021-12-31T20:02:50","modified_gmt":"2021-12-31T19:02:50","slug":"tractaments-facials","status":"publish","type":"page","link":"https:\/\/www.raquelwellness.es\/ca\/tractaments-facials\/","title":{"rendered":"Tractaments facials"},"content":{"rendered":"<p>[et_pb_section fb_built=&#8221;1&#8243; _builder_version=&#8221;4.0.2&#8243; background_color=&#8221;rgba(0,0,0,0)&#8221; background_image=&#8221;https:\/\/www.raquelwellness.es\/wp-content\/uploads\/2019\/10\/fondorosa-01.png&#8221; custom_margin=&#8221;||-3px||false|false&#8221; animation_style=&#8221;fade&#8221;][et_pb_row column_structure=&#8221;2_5,3_5&#8243; _builder_version=&#8221;4.0.1&#8243;][et_pb_column type=&#8221;2_5&#8243; _builder_version=&#8221;4.0.1&#8243;][et_pb_image src=&#8221;https:\/\/www.raquelwellness.es\/wp-content\/uploads\/2019\/10\/FACIAL.jpg&#8221; _builder_version=&#8221;4.0.1&#8243; max_height=&#8221;500px&#8221; border_radii=&#8221;on|25px|25px|25px|25px&#8221;][\/et_pb_image][\/et_pb_column][et_pb_column type=&#8221;3_5&#8243; _builder_version=&#8221;4.0.1&#8243;][et_pb_image src=&#8221;https:\/\/www.raquelwellness.es\/wp-content\/uploads\/2019\/10\/logo_facial.png&#8221; align=&#8221;right&#8221; _builder_version=&#8221;4.0.1&#8243; max_height=&#8221;105px&#8221;][\/et_pb_image][et_pb_text _builder_version=&#8221;4.0.1&#8243; text_font=&#8221;Montserrat||||||||&#8221; text_text_color=&#8221;#000000&#8243; text_letter_spacing=&#8221;4px&#8221; header_font=&#8221;||||||||&#8221; header_text_align=&#8221;right&#8221;]<\/p>\n<h1><strong>TRACTAMENTS FACIALS<strong><\/h1>\n<p>[\/et_pb_text][et_pb_text _builder_version=&#8221;4.0.1&#8243; text_text_color=&#8221;#000000&#8243; text_font_size=&#8221;18px&#8221; text_orientation=&#8221;right&#8221;]<\/p>\n<p>ACONSEGUEIX UN ROSTRE SALUDABLE QUE IRRADIE BELLESA I BENESTAR<\/p>\n<p>[\/et_pb_text][et_pb_text _builder_version=&#8221;4.0.1&#8243; text_text_color=&#8221;#000000&#8243; text_orientation=&#8221;right&#8221;]<\/p>\n<p>Els nostres tractaments facials s&#8217;adapten a les caracter\u00edstiques de la pell, i s\u00f3n 100% fets a mida. Estudiarem el teu cas i et proposarem el millor tractament. Combina&#8217;n m\u00e9s d&#8217;un per obtenir el m\u00e0xim exponent de Bellesa i Benestar.<\/p>\n<p>[\/et_pb_text][\/et_pb_column][\/et_pb_row][et_pb_row _builder_version=&#8221;4.0.1&#8243;][et_pb_column type=&#8221;4_4&#8243; _builder_version=&#8221;4.0.1&#8243;][et_pb_text _builder_version=&#8221;4.0.1&#8243; text_font=&#8221;Montserrat||||||||&#8221; text_text_color=&#8221;#000000&#8243; text_letter_spacing=&#8221;4px&#8221; header_font=&#8221;||||||||&#8221; header_text_align=&#8221;right&#8221;]<\/p>\n<h2><strong>TRACTAMENTS MANUALS<strong><\/h2>\n<p>[\/et_pb_text][et_pb_text _builder_version=&#8221;4.9.10&#8243; text_text_color=&#8221;#000000&#8243; hover_enabled=&#8221;0&#8243; sticky_enabled=&#8221;0&#8243;]<\/p>\n<p>Mitjan\u00e7ant t\u00e8cniques manuals de massatge facial aconseguirem els prop\u00f2sits desitjats, farem servir cosm\u00e8tics professionals, respectuosos amb el medi ambient. A Wellness by Raquel Romero treballem amb Gern\u00e9tic, l\u00edder indiscutible de cosm\u00e8tics professionals i amb Scens, una marca que ofereix cosm\u00e8tics Org\u00e0nics i Vegans.<\/p>\n<p>[\/et_pb_text][\/et_pb_column][\/et_pb_row][et_pb_row column_structure=&#8221;3_4,1_4&#8243; _builder_version=&#8221;4.0.1&#8243; locked=&#8221;off&#8221;][et_pb_column type=&#8221;3_4&#8243; _builder_version=&#8221;4.0.1&#8243;][et_pb_text _builder_version=&#8221;4.9.10&#8243; text_font=&#8221;Montserrat||||||||&#8221; text_text_color=&#8221;#000000&#8243; text_letter_spacing=&#8221;4px&#8221; header_font=&#8221;||||||||&#8221; header_text_align=&#8221;right&#8221; hover_enabled=&#8221;0&#8243; sticky_enabled=&#8221;0&#8243;]<\/p>\n<h3>MESOL\u00c0SER<\/h3>\n<p>[\/et_pb_text][et_pb_text _builder_version=&#8221;4.9.10&#8243; text_text_color=&#8221;#000000&#8243;]<\/p>\n<p><span data-contrast=\"none\" xml:lang=\"ES-ES\" lang=\"ES-ES\" class=\"TextRun Highlight SCXW42765500 BCX0\"><span class=\"NormalTextRun SCXW42765500 BCX0\">Al tractament de<span> <\/span><\/span><span class=\"NormalTextRun SCXW42765500 BCX0\">pressoter\u00e0pia<\/span><span class=\"NormalTextRun SCXW42765500 BCX0\"><span> <\/span>introdu\u00efm<\/span><span class=\"NormalTextRun SCXW42765500 BCX0\"><span> <\/span><\/span><span class=\"NormalTextRun SCXW42765500 BCX0\">al client en unes botes i faix\u00ed abdominal,<\/span><span class=\"NormalTextRun SCXW42765500 BCX0\"><span> <\/span>aquests s&#8217;inflen<span> <\/span><\/span><span class=\"NormalTextRun SCXW42765500 BCX0\">d&#8217;aire,<span> <\/span><\/span><span class=\"NormalTextRun SCXW42765500 BCX0\">realitzant un massatge ascendent<\/span> <span class=\"NormalTextRun SCXW42765500 BCX0\">i que millora el retorn ven\u00f3s i problemes derivats de mala circulaci\u00f3.<\/span> <\/span><\/p>\n<p><span data-contrast=\"none\" xml:lang=\"ES-ES\" lang=\"ES-ES\" class=\"TextRun Highlight SCXW42765500 BCX0\"><span class=\"NormalTextRun SCXW42765500 BCX0\">El massatge \u00e9s molt similar a un drenatge limf\u00e0tic manual per aix\u00f2 \u00e9s un tractament agradable i molt indicat en post operatoris, embar\u00e0s i trastorns circulatoris, com ara edemes, cames cansades, aranyetes vasculars, cel\u00b7lulitis i acumulacions de greix. <\/span><\/span><span class=\"EOP SCXW42765500 BCX0\" data-ccp-props=\"{\"134233279\":true,\"201341983\":0,\"335559685\":720,\"335559739\":160,\"335559740\":259}\"> <\/span><\/p>\n<p>[\/et_pb_text][\/et_pb_column][et_pb_column type=&#8221;1_4&#8243; _builder_version=&#8221;4.0.1&#8243;][et_pb_image src=&#8221;https:\/\/www.raquelwellness.es\/wp-content\/uploads\/2019\/10\/asirox.png&#8221; align=&#8221;right&#8221; _builder_version=&#8221;4.9.10&#8243; max_height=&#8221;30px&#8221; custom_padding=&#8221;11px|||||&#8221; hover_enabled=&#8221;0&#8243; title_text=&#8221;asirox&#8221; sticky_enabled=&#8221;0&#8243;][\/et_pb_image][\/et_pb_column][\/et_pb_row][et_pb_row _builder_version=&#8221;4.0.1&#8243;][et_pb_column type=&#8221;4_4&#8243; _builder_version=&#8221;4.0.1&#8243;][et_pb_text _builder_version=&#8221;4.9.10&#8243; text_font=&#8221;Montserrat||||||||&#8221; text_text_color=&#8221;#000000&#8243; text_letter_spacing=&#8221;4px&#8221; header_font=&#8221;||||||||&#8221; header_text_align=&#8221;right&#8221; hover_enabled=&#8221;0&#8243; sticky_enabled=&#8221;0&#8243;]<\/p>\n<h3>ELS TRACTAMENTS<\/h3>\n<p>[\/et_pb_text][et_pb_shop _builder_version=&#8221;4.9.10&#8243; _module_preset=&#8221;default&#8221; type=&#8221;product_category&#8221; posts_number=&#8221;20&#8243; include_categories=&#8221;51&#8243; hover_enabled=&#8221;0&#8243; sticky_enabled=&#8221;0&#8243; background_color=&#8221;RGBA(0,0,0,0)&#8221;][\/et_pb_shop][\/et_pb_column][\/et_pb_row][et_pb_row _builder_version=&#8221;4.0.1&#8243; column_structure=&#8221;2_3,1_3&#8243;][et_pb_column type=&#8221;2_3&#8243; _builder_version=&#8221;4.0.1&#8243;][et_pb_text _builder_version=&#8221;4.0.1&#8243; text_font=&#8221;Montserrat||||||||&#8221; text_text_color=&#8221;#000000&#8243; text_letter_spacing=&#8221;4px&#8221; header_font=&#8221;||||||||&#8221; header_text_align=&#8221;right&#8221;]<\/p>\n<h2><strong>TER\u00c0PIA CEL\u00b7LULAR &#8211; INDIBA\u00ae DEEP BEAUTY<strong><\/h2>\n<p>[\/et_pb_text][et_pb_text _builder_version=&#8221;4.9.10&#8243; text_text_color=&#8221;#000000&#8243; hover_enabled=&#8221;0&#8243; sticky_enabled=&#8221;0&#8243;]<\/p>\n<p>Els tractaments INDIBA Facials que realitzem al nostre centre d&#8217;est\u00e8tica de Cubelles s\u00f3n molt diversos, i adequats per a tots els tipus de pells i edats.<\/p>\n<p>En funci\u00f3 de l&#8217;edat treballarem unes zones o d&#8217;altres, per a les persones m\u00e9s joves els resultats m\u00e9s destacats seran el benestar, la lluminositat i la hidrataci\u00f3 que ens proporcionen les cremes de tractament juntament amb l&#8217;\u00fas de la radiofreq\u00fc\u00e8ncia.<\/p>\n<p>Si comencen a apar\u00e8ixer arrugues a la teva pell, INDIBA a m\u00e9s de tornar la lluminositat i hidratar, contribuir\u00e0 a atenuar les arrugues.<\/p>\n<p>Els beneficis es multipliquen per a pells madures, reduint la flacciditat, tornant elasticitat, regenerant i recuperant el teixit a nivell cel\u00b7lular, aix\u00ed com aportant un extra d&#8217;hidrataci\u00f3.<\/p>\n<p>[\/et_pb_text][et_pb_button button_url=&#8221;@ET-DC@eyJkeW5hbWljIjp0cnVlLCJjb250ZW50IjoicG9zdF9saW5rX3VybF9wYWdlIiwic2V0dGluZ3MiOnsicG9zdF9pZCI6IjI5MDE1In19@&#8221; button_text=&#8221;Saber m\u00e9s&#8221; button_alignment=&#8221;left&#8221; _builder_version=&#8221;4.0.2&#8243; _dynamic_attributes=&#8221;button_url&#8221;][\/et_pb_button][\/et_pb_column][et_pb_column type=&#8221;1_3&#8243; _builder_version=&#8221;4.0.1&#8243;][et_pb_image src=&#8221;https:\/\/www.raquelwellness.es\/wp-content\/uploads\/2019\/10\/indiba.png&#8221; align=&#8221;right&#8221; _builder_version=&#8221;4.0.1&#8243; max_height=&#8221;30px&#8221; custom_padding=&#8221;11px|||||&#8221;][\/et_pb_image][\/et_pb_column][\/et_pb_row][et_pb_row _builder_version=&#8221;4.0.1&#8243;][et_pb_column type=&#8221;4_4&#8243; _builder_version=&#8221;4.0.1&#8243;][et_pb_shop _builder_version=&#8221;4.9.10&#8243; _module_preset=&#8221;default&#8221; posts_number=&#8221;20&#8243; type=&#8221;product_category&#8221; include_categories=&#8221;166&#8243; hover_enabled=&#8221;0&#8243; sticky_enabled=&#8221;0&#8243;][\/et_pb_shop][\/et_pb_column][\/et_pb_row][et_pb_row _builder_version=&#8221;4.0.1&#8243;][et_pb_column type=&#8221;4_4&#8243; _builder_version=&#8221;4.0.1&#8243;][et_pb_cta title=&#8221;CONEIX ELS NOSTRES BONS DE TRACTAMENTS&#8221; button_text=&#8221;Clics&#8221; _builder_version=&#8221;4.0.11&#8243; header_text_color=&#8221;#000000&#8243; body_text_color=&#8221;#000000&#8243; use_background_color=&#8221;off&#8221; background_layout=&#8221;light&#8221; custom_padding=&#8221;30px||||false|false&#8221; border_width_all=&#8221;4px&#8221; border_color_all=&#8221;#000000&#8243; border_style_all=&#8221;double&#8221;]<\/p>\n<p><strong style=\"font-size:12pt\">Estalvia<\/strong> comprant sessions per avan\u00e7at, de 5 o 10 sessions de 30 o 60min. Pots combinar tractaments manuals, mesol\u00e0ser i\/o INDIBA amb els bons de tractaments.<\/p>\n<p>[\/et_pb_cta][\/et_pb_column][\/et_pb_row][et_pb_row _builder_version=&#8221;4.0.1&#8243;][et_pb_column type=&#8221;4_4&#8243; _builder_version=&#8221;4.0.1&#8243;][et_pb_image src=&#8221;https:\/\/www.raquelwellness.es\/wp-content\/uploads\/2019\/10\/logo_facial.png&#8221; align=&#8221;center&#8221; _builder_version=&#8221;4.0.1&#8243; max_height=&#8221;105px&#8221;][\/et_pb_image][\/et_pb_column][\/et_pb_row][et_pb_row module_id=&#8221;contactoHome&#8221; _builder_version=&#8221;4.0.1&#8243; custom_padding=&#8221;||||false|false&#8221;][et_pb_column type=&#8221;4_4&#8243; _builder_version=&#8221;3.29.3&#8243;][et_pb_text _builder_version=&#8221;3.29.3&#8243;]<\/p>\n<h2><strong>DEIXA&#8217;NS UN MISSATGE<\/strong><\/h2>\n<p>[\/et_pb_text][et_pb_contact_form _builder_version=&#8221;4.0.1&#8243; custom_button=&#8221;on&#8221; button_text_color=&#8221;#000000&#8243; button_border_color=&#8221;#000000&#8243; button_text_size_tablet=&#8221;&#8221; button_text_size_phone=&#8221;15px&#8221; button_text_size_last_edited=&#8221;on|phone&#8221;][et_pb_contact_field field_id=&#8221;Name&#8221; field_title=&#8221;Nom&#8221; fullwidth_field=&#8221;on&#8221; _builder_version=&#8221;3.29.3&#8243; button_text_size__hover_enabled=&#8221;off&#8221; button_one_text_size__hover_enabled=&#8221;off&#8221; button_two_text_size__hover_enabled=&#8221;off&#8221; button_text_color__hover_enabled=&#8221;off&#8221; button_one_text_color__hover_enabled=&#8221;off&#8221; button_two_text_color__hover_enabled=&#8221;off&#8221; button_border_width__hover_enabled=&#8221;off&#8221; button_one_border_width__hover_enabled=&#8221;off&#8221; button_two_border_width__hover_enabled=&#8221;off&#8221; button_border_color__hover_enabled=&#8221;off&#8221; button_one_border_color__hover_enabled=&#8221;off&#8221; button_two_border_color__hover_enabled=&#8221;off&#8221; button_border_radius__hover_enabled=&#8221;off&#8221; button_one_border_radius__hover_enabled=&#8221;off&#8221; button_two_border_radius__hover_enabled=&#8221;off&#8221; button_letter_spacing__hover_enabled=&#8221;off&#8221; button_one_letter_spacing__hover_enabled=&#8221;off&#8221; button_two_letter_spacing__hover_enabled=&#8221;off&#8221; button_bg_color__hover_enabled=&#8221;off&#8221; button_one_bg_color__hover_enabled=&#8221;off&#8221; button_two_bg_color__hover_enabled=&#8221;off&#8221;][\/et_pb_contact_field][et_pb_contact_field field_id=&#8221;Email&#8221; field_title=&#8221;Adre\u00e7a Electr\u00f2nica&#8221; field_type=&#8221;email&#8221; _builder_version=&#8221;3.16&#8243; button_text_size__hover_enabled=&#8221;off&#8221; button_one_text_size__hover_enabled=&#8221;off&#8221; button_two_text_size__hover_enabled=&#8221;off&#8221; button_text_color__hover_enabled=&#8221;off&#8221; button_one_text_color__hover_enabled=&#8221;off&#8221; button_two_text_color__hover_enabled=&#8221;off&#8221; button_border_width__hover_enabled=&#8221;off&#8221; button_one_border_width__hover_enabled=&#8221;off&#8221; button_two_border_width__hover_enabled=&#8221;off&#8221; button_border_color__hover_enabled=&#8221;off&#8221; button_one_border_color__hover_enabled=&#8221;off&#8221; button_two_border_color__hover_enabled=&#8221;off&#8221; button_border_radius__hover_enabled=&#8221;off&#8221; button_one_border_radius__hover_enabled=&#8221;off&#8221; button_two_border_radius__hover_enabled=&#8221;off&#8221; button_letter_spacing__hover_enabled=&#8221;off&#8221; button_one_letter_spacing__hover_enabled=&#8221;off&#8221; button_two_letter_spacing__hover_enabled=&#8221;off&#8221; button_bg_color__hover_enabled=&#8221;off&#8221; button_one_bg_color__hover_enabled=&#8221;off&#8221; button_two_bg_color__hover_enabled=&#8221;off&#8221;][\/et_pb_contact_field][et_pb_contact_field field_id=&#8221;Telefono&#8221; field_title=&#8221;Tel\u00e8fon&#8221; _builder_version=&#8221;3.29.3&#8243;][\/et_pb_contact_field][et_pb_contact_field field_id=&#8221;Message&#8221; field_title=&#8221;Missatge&#8221; field_type=&#8221;text&#8221; fullwidth_field=&#8221;on&#8221; _builder_version=&#8221;3.16&#8243; button_text_size__hover_enabled=&#8221;off&#8221; button_one_text_size__hover_enabled=&#8221;off&#8221; button_two_text_size__hover_enabled=&#8221;off&#8221; button_text_color__hover_enabled=&#8221;off&#8221; button_one_text_color__hover_enabled=&#8221;off&#8221; button_two_text_color__hover_enabled=&#8221;off&#8221; button_border_width__hover_enabled=&#8221;off&#8221; button_one_border_width__hover_enabled=&#8221;off&#8221; button_two_border_width__hover_enabled=&#8221;off&#8221; button_border_color__hover_enabled=&#8221;off&#8221; button_one_border_color__hover_enabled=&#8221;off&#8221; button_two_border_color__hover_enabled=&#8221;off&#8221; button_border_radius__hover_enabled=&#8221;off&#8221; button_one_border_radius__hover_enabled=&#8221;off&#8221; button_two_border_radius__hover_enabled=&#8221;off&#8221; button_letter_spacing__hover_enabled=&#8221;off&#8221; button_one_letter_spacing__hover_enabled=&#8221;off&#8221; button_two_letter_spacing__hover_enabled=&#8221;off&#8221; button_bg_color__hover_enabled=&#8221;off&#8221; button_one_bg_color__hover_enabled=&#8221;off&#8221; button_two_bg_color__hover_enabled=&#8221;off&#8221;][\/et_pb_contact_field][\/et_pb_contact_form][\/et_pb_column][\/et_pb_row][\/et_pb_section]<\/p>\n","protected":false},"excerpt":{"rendered":"<p>TRACTAMENTS FACIALSACONSEGUEIX UN ROSTRE SALUDABLE QUE IRRADIE BELLESA I BENESTAREls nostres tractaments facials s&#8217;adapten a les caracter\u00edstiques de la pell, i s\u00f3n 100% fets a mida. Estudiarem el teu cas i et proposarem el millor tractament. Combina&#8217;n m\u00e9s d&#8217;un per obtenir el m\u00e0xim exponent de Bellesa i Benestar.TRACTAMENTS MANUALSMitjan\u00e7ant t\u00e8cniques manuals de massatge facial aconseguirem [&hellip;]<\/p>\n","protected":false},"author":1,"featured_media":0,"parent":0,"menu_order":0,"comment_status":"closed","ping_status":"closed","template":"","meta":{"_et_pb_use_builder":"on","_et_pb_old_content":"","_et_gb_content_width":"","footnotes":""},"class_list":["post-33522","page","type-page","status-publish","hentry"],"_links":{"self":[{"href":"https:\/\/www.raquelwellness.es\/ca\/wp-json\/wp\/v2\/pages\/33522","targetHints":{"allow":["GET"]}}],"collection":[{"href":"https:\/\/www.raquelwellness.es\/ca\/wp-json\/wp\/v2\/pages"}],"about":[{"href":"https:\/\/www.raquelwellness.es\/ca\/wp-json\/wp\/v2\/types\/page"}],"author":[{"embeddable":true,"href":"https:\/\/www.raquelwellness.es\/ca\/wp-json\/wp\/v2\/users\/1"}],"replies":[{"embeddable":true,"href":"https:\/\/www.raquelwellness.es\/ca\/wp-json\/wp\/v2\/comments?post=33522"}],"version-history":[{"count":5,"href":"https:\/\/www.raquelwellness.es\/ca\/wp-json\/wp\/v2\/pages\/33522\/revisions"}],"predecessor-version":[{"id":33527,"href":"https:\/\/www.raquelwellness.es\/ca\/wp-json\/wp\/v2\/pages\/33522\/revisions\/33527"}],"wp:attachment":[{"href":"https:\/\/www.raquelwellness.es\/ca\/wp-json\/wp\/v2\/media?parent=33522"}],"curies":[{"name":"wp","href":"https:\/\/api.w.org\/{rel}","templated":true}]}}